{"id":108,"date":"2020-07-09T17:07:52","date_gmt":"2020-07-09T15:07:52","guid":{"rendered":"https:\/\/www.lacnekontajnery.sk\/eshop\/?post_type=product&#038;p=108"},"modified":"2024-02-07T10:59:23","modified_gmt":"2024-02-07T09:59:23","slug":"predna-stena-6-m-720g-m2","status":"publish","type":"product","link":"https:\/\/www.lacnekontajnery.sk\/eshop\/produkt\/predna-stena-6-m-720g-m2\/","title":{"rendered":"Predn\u00e1 stena pre \u0161\u00edrku 6 m pvc primetex oh\u0148ovzdorna"},"content":{"rendered":"<div id=\"sppb-ac-content-1580068588948-key-0\" class=\"sppb-panel-collapse\" aria-labelledby=\"sppb-ac-heading-1580068588948-key-0\">\n<div class=\"sppb-panel-body\">\n<div id=\"sppb-addon-wrapper-1580068846603\" class=\"sppb-addon-wrapper\">\n<div id=\"sppb-addon-1580068846603\" class=\"clearfix \">\n<div class=\"sppb-addon sppb-addon-text-block \">\n<div class=\"sppb-addon-content\">\n<p><strong>Kon\u0161trukcia:<\/strong><\/p>\n<p>R\u00fary z mas\u00edvnej ocele, chr\u00e1nen\u00e9 proti pozinkovaniu<\/p>\n<p>Oce\u013eov\u00e9 r\u00fary<\/p>\n<ul>\n<li>priemer: pribli\u017ene 48 mm<\/li>\n<li>hr\u00fabka steny: cca 1,6 mm<\/li>\n<\/ul>\n<p>konektory<\/p>\n<ul>\n<li>priemer: pribli\u017ene 34 mm<\/li>\n<li>hr\u00fabka steny: cca 1,4 mm<\/li>\n<\/ul>\n<p>\u0160peci\u00e1lna s\u00faprava nap\u00ednac\u00edch k\u00e1blov na zaistenie plachty<\/p>\n<p>Mas\u00edvne oce\u013eov\u00e9 fixa\u010dn\u00e9 klince so 100 cm ochranou pre m\u00e4kk\u00fa zem<\/p>\n<\/div>\n<\/div>\n<\/div>\n<\/div>\n<\/div>\n<\/div>\n<p>&nbsp;<\/p>\n<p>&nbsp;<\/p>\n<div id=\"sppb-ac-content-1580068588948-key-1\" class=\"sppb-panel-collapse\" aria-labelledby=\"sppb-ac-heading-1580068588948-key-1\">\n<div class=\"sppb-panel-body\">\n<div id=\"sppb-addon-wrapper-1580068853917\" class=\"sppb-addon-wrapper\">\n<div id=\"sppb-addon-1580068853917\" class=\"clearfix \">\n<div class=\"sppb-addon sppb-addon-text-block \">\n<div class=\"sppb-addon-content\">\n<p>720 g \/ m\u00b2 liate PVC plachty s vn\u00fatornou sie\u0165ovinou &#8211; pod\u013ea certifik\u00e1tu DIN EN ISO 527<\/p>\n<p>9-kr\u00e1t odolnej\u0161ia vo\u010di roztrhnutiu ako in\u00e9 PVC plachty dostupn\u00e9 na trhu<\/p>\n<p>Osved\u010denie o po\u017eiarnej odolnosti pod\u013ea DIN EN 13501 a DIN 4102 B1<\/p>\n<p>Odol\u00e1va extr\u00e9mnym teplotn\u00fdm zmen\u00e1m od -30 do +50 stup\u0148ov Celzia<\/p>\n<p>Vysok\u00e1 odolnos\u0165 proti UV \u017eiareniu<\/p>\n<p>Odolnos\u0165 proti UV \u017eiareniu 80+<\/p>\n<p>Skvel\u00e1 ochrana pred nepriazniv\u00fdm po\u010das\u00edm, 100% vodotesnos\u0165<\/p>\n<p>Nerezov\u00e9 mosadzn\u00e9 ok\u00e1<\/p>\n<\/div>\n<div id=\"tw-source-text-container\" class=\"tw-ta-container hide-focus-ring tw-nfl\"><\/div>\n<div class=\"oSioSc\">\n<div id=\"tw-target\">\n<div id=\"kAz1tf\" class=\"g9WsWb\">\n<div id=\"tw-target-text-container\" class=\"tw-ta-container hide-focus-ring tw-nfl\" tabindex=\"0\">\n<p id=\"tw-target-text\" class=\"tw-data-text tw-text-large XcVN5d tw-ta\" dir=\"ltr\" data-placeholder=\"Preklad\"><strong><span lang=\"sk\">Rozmery :<\/span><\/strong><\/p>\n<ul>\n<li class=\"tw-data-text tw-text-large XcVN5d tw-ta\" dir=\"ltr\" data-placeholder=\"Preklad\"><span lang=\"sk\">\u0160\u00edrka: asi 6 m <\/span><\/li>\n<li class=\"tw-data-text tw-text-large XcVN5d tw-ta\" dir=\"ltr\" data-placeholder=\"Preklad\"><span lang=\"sk\">V\u00fd\u0161ka hrebe\u0148a: pribli\u017ene 4,6 m <\/span><\/li>\n<li class=\"tw-data-text tw-text-large XcVN5d tw-ta\" dir=\"ltr\" data-placeholder=\"Preklad\"><span lang=\"sk\">\u0160\u00edrka vchodu: cca 4,0 m <\/span><\/li>\n<li class=\"tw-data-text tw-text-large XcVN5d tw-ta\" dir=\"ltr\" data-placeholder=\"Preklad\"><span lang=\"sk\">V\u00fd\u0161ka vchodu: cca 4,0 m<\/span><\/li>\n<\/ul>\n<\/div>\n<\/div>\n<\/div>\n<\/div>\n<\/div>\n<\/div>\n<\/div>\n<\/div>\n<\/div>\n<p><img decoding=\"async\" class=\"aligncenter\" src=\"https:\/\/cdn.profizelt24.de\/media\/IMG-AMZ\/AMZ-Contop_Frontwall_6m.jpg\" \/><\/p>\n<p>&nbsp;<\/p>\n","protected":false},"excerpt":{"rendered":"<div id=\"sppb-ac-content-1580068588948-key-4\" class=\"sppb-panel-collapse\" aria-labelledby=\"sppb-ac-heading-1580068588948-key-4\">\n<div class=\"sppb-panel-body\">\n<div class=\"oSioSc\">\n<div id=\"tw-target\">\n<div id=\"kAz1tf\" class=\"g9WsWb\">\n<div id=\"tw-target-text-container\" class=\"tw-ta-container hide-focus-ring tw-nfl\" tabindex=\"0\">\n<div id=\"sppb-addon-wrapper-1580068855294\" class=\"sppb-addon-wrapper\">\n<div id=\"sppb-addon-1580068855294\" class=\"clearfix \">\n<div class=\"sppb-addon sppb-addon-text-block \">\n<div class=\"sppb-addon-content\">\n[contact-form][contact-field label=\"Meno\" type=\"name\"  required=\"true\" \/][contact-field label=\"E-mail\" type=\"email\" required=\"true\" \/][contact-field label=\"Webov\u00e1 str\u00e1nka\" type=\"url\" \/][contact-field label=\"Spr\u00e1va\" type=\"textarea\" \/][\/contact-form]\n<p id=\"tw-target-text\" class=\"tw-data-text tw-text-large XcVN5d tw-ta\" dir=\"ltr\" data-placeholder=\"Preklad\"><span lang=\"sk\">T\u00e1to predn\u00e1 stena so zabudovanou br\u00e1nou je ur\u010den\u00e1 pre strechy kontajnerov so \u0161\u00edrkou 6 m. Pon\u00faka dodato\u010dn\u00fa ochranu proti vetru a poveternostn\u00fdm vplyvom, pozost\u00e1va zo stabiln\u00e9ho r\u00farkovit\u00e9ho oce\u013eov\u00e9ho r\u00e1mu chr\u00e1nen\u00e9ho proti kor\u00f3zii a extra robustnej, \u200b\u200bodliatej, \u0165a\u017ekej PVC plachty s hmotnos\u0165ou pribli\u017ene 720 g \/ m\u00b2. Materi\u00e1l PVC je odoln\u00fd vo\u010di UV \u017eiareniu, 100% vodotesn\u00fd a m\u00e1 9-kr\u00e1t vy\u0161\u0161iu odolnos\u0165 proti roztrhnutiu ako be\u017en\u00e9 komer\u010dn\u00e9 plachty z PVC. Predn\u00e1 stena je pripevnen\u00e1 nap\u00ednac\u00edmi lanami a m\u00e1 ve\u013ek\u00fa hlavn\u00fa br\u00e1nu, ktor\u00e1 sa d\u00e1 \u013eahko otvori\u0165 pomocou \u0165a\u017en\u00e9ho zariadenia. Na upevnenie na m\u00e4kk\u00fdch podlah\u00e1ch s\u00fa v rozsahu dod\u00e1vky zahrnut\u00e9 pevn\u00e9, \u00faplne pozinkovan\u00e9 pln\u00e9 oce\u013eov\u00e9 kol\u00edky (dlh\u00e9 pribli\u017ene 100 cm). V\u00fd\u0161ka kontajnera alebo zodpovedaj\u00facej spodnej kon\u0161trukcie by mala by\u0165 pribli\u017ene 2,6 m max 2,9m sa vie natiahnu\u0165.<br \/>\n<\/span><\/p>\n<p id=\"tw-target-text\" class=\"tw-data-text tw-text-large XcVN5d tw-ta\" dir=\"ltr\" data-placeholder=\"Preklad\"><strong><span lang=\"sk\">\u00a0<\/span><\/strong><\/p>\n<\/div>\n<\/div>\n<\/div>\n<\/div>\n<\/div>\n<p id=\"tw-target-rmn-container\" class=\"tw-ta-container hide-focus-ring tw-nfl\">\n<\/div>\n<\/div>\n<\/div>\n<\/div>\n<\/div>\n","protected":false},"featured_media":860,"comment_status":"open","ping_status":"closed","template":"","meta":{"_monsterinsights_skip_tracking":false,"_monsterinsights_sitenote_active":false,"_monsterinsights_sitenote_note":"","_monsterinsights_sitenote_category":0},"product_cat":[15],"product_tag":[],"yoast_head":"<!-- This site is optimized with the Yoast SEO plugin v21.9 - https:\/\/yoast.com\/wordpress\/plugins\/seo\/ -->\n<title>Predn\u00e1 stena pre \u0161\u00edrku 6 m pvc primetex oh\u0148ovzdorna - Profisklad- najlacnej\u0161ie rie\u0161enie pre V\u00e1\u0161 sklad<\/title>\n<meta name=\"description\" content=\"Pr\u00edstre\u0161ok, zastre\u0161enia, stanov\u00e9 haly, alt\u00e1nky. Zastre\u0161enie lodn\u00fdch kontajnerov vhodn\u00e9 na zakrytie materi\u00e1lov alebo techniky.\" \/>\n<meta name=\"robots\" content=\"index, follow, max-snippet:-1, max-image-preview:large, max-video-preview:-1\" \/>\n<link rel=\"canonical\" href=\"https:\/\/www.lacnekontajnery.sk\/eshop\/produkt\/predna-stena-6-m-720g-m2\/\" \/>\n<meta property=\"og:locale\" content=\"sk_SK\" \/>\n<meta property=\"og:type\" content=\"article\" \/>\n<meta property=\"og:title\" content=\"Predn\u00e1 stena pre \u0161\u00edrku 6 m pvc primetex oh\u0148ovzdorna - Profisklad- najlacnej\u0161ie rie\u0161enie pre V\u00e1\u0161 sklad\" \/>\n<meta property=\"og:description\" content=\"Pr\u00edstre\u0161ok, zastre\u0161enia, stanov\u00e9 haly, alt\u00e1nky. Zastre\u0161enie lodn\u00fdch kontajnerov vhodn\u00e9 na zakrytie materi\u00e1lov alebo techniky.\" \/>\n<meta property=\"og:url\" content=\"https:\/\/www.lacnekontajnery.sk\/eshop\/produkt\/predna-stena-6-m-720g-m2\/\" \/>\n<meta property=\"og:site_name\" content=\"Profisklad- najlacnej\u0161ie rie\u0161enie pre V\u00e1\u0161 sklad\" \/>\n<meta property=\"article:modified_time\" content=\"2024-02-07T09:59:23+00:00\" \/>\n<meta property=\"og:image\" content=\"https:\/\/www.lacnekontajnery.sk\/eshop\/wp-content\/uploads\/2020\/07\/1h6AxDtcRO-compress2.jpg\" \/>\n\t<meta property=\"og:image:width\" content=\"640\" \/>\n\t<meta property=\"og:image:height\" content=\"480\" \/>\n\t<meta property=\"og:image:type\" content=\"image\/jpeg\" \/>\n<meta name=\"twitter:card\" content=\"summary_large_image\" \/>\n<meta name=\"twitter:label1\" content=\"Predpokladan\u00fd \u010das \u010d\u00edtania\" \/>\n\t<meta name=\"twitter:data1\" content=\"1 min\u00fata\" \/>\n<script type=\"application\/ld+json\" class=\"yoast-schema-graph\">{\"@context\":\"https:\/\/schema.org\",\"@graph\":[{\"@type\":\"WebPage\",\"@id\":\"https:\/\/www.lacnekontajnery.sk\/eshop\/produkt\/predna-stena-6-m-720g-m2\/\",\"url\":\"https:\/\/www.lacnekontajnery.sk\/eshop\/produkt\/predna-stena-6-m-720g-m2\/\",\"name\":\"Predn\u00e1 stena pre \u0161\u00edrku 6 m pvc primetex oh\u0148ovzdorna - Profisklad- najlacnej\u0161ie rie\u0161enie pre V\u00e1\u0161 sklad\",\"isPartOf\":{\"@id\":\"https:\/\/www.lacnekontajnery.sk\/eshop\/#website\"},\"datePublished\":\"2020-07-09T15:07:52+00:00\",\"dateModified\":\"2024-02-07T09:59:23+00:00\",\"description\":\"Pr\u00edstre\u0161ok, zastre\u0161enia, stanov\u00e9 haly, alt\u00e1nky. Zastre\u0161enie lodn\u00fdch kontajnerov vhodn\u00e9 na zakrytie materi\u00e1lov alebo techniky.\",\"breadcrumb\":{\"@id\":\"https:\/\/www.lacnekontajnery.sk\/eshop\/produkt\/predna-stena-6-m-720g-m2\/#breadcrumb\"},\"inLanguage\":\"sk-SK\",\"potentialAction\":[{\"@type\":\"ReadAction\",\"target\":[\"https:\/\/www.lacnekontajnery.sk\/eshop\/produkt\/predna-stena-6-m-720g-m2\/\"]}]},{\"@type\":\"BreadcrumbList\",\"@id\":\"https:\/\/www.lacnekontajnery.sk\/eshop\/produkt\/predna-stena-6-m-720g-m2\/#breadcrumb\",\"itemListElement\":[{\"@type\":\"ListItem\",\"position\":1,\"name\":\"Home\",\"item\":\"https:\/\/www.lacnekontajnery.sk\/eshop\/\"},{\"@type\":\"ListItem\",\"position\":2,\"name\":\"Obchod\",\"item\":\"https:\/\/www.lacnekontajnery.sk\/eshop\/obchod\/\"},{\"@type\":\"ListItem\",\"position\":3,\"name\":\"Predn\u00e1 stena pre \u0161\u00edrku 6 m pvc primetex oh\u0148ovzdorna\"}]},{\"@type\":\"WebSite\",\"@id\":\"https:\/\/www.lacnekontajnery.sk\/eshop\/#website\",\"url\":\"https:\/\/www.lacnekontajnery.sk\/eshop\/\",\"name\":\"Profisklad- najlacnej\u0161ie rie\u0161enie pre V\u00e1\u0161 sklad\",\"description\":\"Profesion\u00e1lne sklady\",\"publisher\":{\"@id\":\"https:\/\/www.lacnekontajnery.sk\/eshop\/#organization\"},\"potentialAction\":[{\"@type\":\"SearchAction\",\"target\":{\"@type\":\"EntryPoint\",\"urlTemplate\":\"https:\/\/www.lacnekontajnery.sk\/eshop\/?s={search_term_string}\"},\"query-input\":\"required name=search_term_string\"}],\"inLanguage\":\"sk-SK\"},{\"@type\":\"Organization\",\"@id\":\"https:\/\/www.lacnekontajnery.sk\/eshop\/#organization\",\"name\":\"Profisklad- r\u00fdchle a lacn\u00e9 skladovanie\",\"url\":\"https:\/\/www.lacnekontajnery.sk\/eshop\/\",\"logo\":{\"@type\":\"ImageObject\",\"inLanguage\":\"sk-SK\",\"@id\":\"https:\/\/www.lacnekontajnery.sk\/eshop\/#\/schema\/logo\/image\/\",\"url\":\"https:\/\/www.lacnekontajnery.sk\/eshop\/wp-content\/uploads\/2020\/07\/facebook_cover_photo_1.png\",\"contentUrl\":\"https:\/\/www.lacnekontajnery.sk\/eshop\/wp-content\/uploads\/2020\/07\/facebook_cover_photo_1.png\",\"width\":1640,\"height\":624,\"caption\":\"Profisklad- r\u00fdchle a lacn\u00e9 skladovanie\"},\"image\":{\"@id\":\"https:\/\/www.lacnekontajnery.sk\/eshop\/#\/schema\/logo\/image\/\"}}]}<\/script>\n<!-- \/ Yoast SEO plugin. -->","yoast_head_json":{"title":"Predn\u00e1 stena pre \u0161\u00edrku 6 m pvc primetex oh\u0148ovzdorna - Profisklad- najlacnej\u0161ie rie\u0161enie pre V\u00e1\u0161 sklad","description":"Pr\u00edstre\u0161ok, zastre\u0161enia, stanov\u00e9 haly, alt\u00e1nky. Zastre\u0161enie lodn\u00fdch kontajnerov vhodn\u00e9 na zakrytie materi\u00e1lov alebo techniky.","robots":{"index":"index","follow":"follow","max-snippet":"max-snippet:-1","max-image-preview":"max-image-preview:large","max-video-preview":"max-video-preview:-1"},"canonical":"https:\/\/www.lacnekontajnery.sk\/eshop\/produkt\/predna-stena-6-m-720g-m2\/","og_locale":"sk_SK","og_type":"article","og_title":"Predn\u00e1 stena pre \u0161\u00edrku 6 m pvc primetex oh\u0148ovzdorna - Profisklad- najlacnej\u0161ie rie\u0161enie pre V\u00e1\u0161 sklad","og_description":"Pr\u00edstre\u0161ok, zastre\u0161enia, stanov\u00e9 haly, alt\u00e1nky. Zastre\u0161enie lodn\u00fdch kontajnerov vhodn\u00e9 na zakrytie materi\u00e1lov alebo techniky.","og_url":"https:\/\/www.lacnekontajnery.sk\/eshop\/produkt\/predna-stena-6-m-720g-m2\/","og_site_name":"Profisklad- najlacnej\u0161ie rie\u0161enie pre V\u00e1\u0161 sklad","article_modified_time":"2024-02-07T09:59:23+00:00","og_image":[{"width":640,"height":480,"url":"https:\/\/www.lacnekontajnery.sk\/eshop\/wp-content\/uploads\/2020\/07\/1h6AxDtcRO-compress2.jpg","type":"image\/jpeg"}],"twitter_card":"summary_large_image","twitter_misc":{"Predpokladan\u00fd \u010das \u010d\u00edtania":"1 min\u00fata"},"schema":{"@context":"https:\/\/schema.org","@graph":[{"@type":"WebPage","@id":"https:\/\/www.lacnekontajnery.sk\/eshop\/produkt\/predna-stena-6-m-720g-m2\/","url":"https:\/\/www.lacnekontajnery.sk\/eshop\/produkt\/predna-stena-6-m-720g-m2\/","name":"Predn\u00e1 stena pre \u0161\u00edrku 6 m pvc primetex oh\u0148ovzdorna - Profisklad- najlacnej\u0161ie rie\u0161enie pre V\u00e1\u0161 sklad","isPartOf":{"@id":"https:\/\/www.lacnekontajnery.sk\/eshop\/#website"},"datePublished":"2020-07-09T15:07:52+00:00","dateModified":"2024-02-07T09:59:23+00:00","description":"Pr\u00edstre\u0161ok, zastre\u0161enia, stanov\u00e9 haly, alt\u00e1nky. Zastre\u0161enie lodn\u00fdch kontajnerov vhodn\u00e9 na zakrytie materi\u00e1lov alebo techniky.","breadcrumb":{"@id":"https:\/\/www.lacnekontajnery.sk\/eshop\/produkt\/predna-stena-6-m-720g-m2\/#breadcrumb"},"inLanguage":"sk-SK","potentialAction":[{"@type":"ReadAction","target":["https:\/\/www.lacnekontajnery.sk\/eshop\/produkt\/predna-stena-6-m-720g-m2\/"]}]},{"@type":"BreadcrumbList","@id":"https:\/\/www.lacnekontajnery.sk\/eshop\/produkt\/predna-stena-6-m-720g-m2\/#breadcrumb","itemListElement":[{"@type":"ListItem","position":1,"name":"Home","item":"https:\/\/www.lacnekontajnery.sk\/eshop\/"},{"@type":"ListItem","position":2,"name":"Obchod","item":"https:\/\/www.lacnekontajnery.sk\/eshop\/obchod\/"},{"@type":"ListItem","position":3,"name":"Predn\u00e1 stena pre \u0161\u00edrku 6 m pvc primetex oh\u0148ovzdorna"}]},{"@type":"WebSite","@id":"https:\/\/www.lacnekontajnery.sk\/eshop\/#website","url":"https:\/\/www.lacnekontajnery.sk\/eshop\/","name":"Profisklad- najlacnej\u0161ie rie\u0161enie pre V\u00e1\u0161 sklad","description":"Profesion\u00e1lne sklady","publisher":{"@id":"https:\/\/www.lacnekontajnery.sk\/eshop\/#organization"},"potentialAction":[{"@type":"SearchAction","target":{"@type":"EntryPoint","urlTemplate":"https:\/\/www.lacnekontajnery.sk\/eshop\/?s={search_term_string}"},"query-input":"required name=search_term_string"}],"inLanguage":"sk-SK"},{"@type":"Organization","@id":"https:\/\/www.lacnekontajnery.sk\/eshop\/#organization","name":"Profisklad- r\u00fdchle a lacn\u00e9 skladovanie","url":"https:\/\/www.lacnekontajnery.sk\/eshop\/","logo":{"@type":"ImageObject","inLanguage":"sk-SK","@id":"https:\/\/www.lacnekontajnery.sk\/eshop\/#\/schema\/logo\/image\/","url":"https:\/\/www.lacnekontajnery.sk\/eshop\/wp-content\/uploads\/2020\/07\/facebook_cover_photo_1.png","contentUrl":"https:\/\/www.lacnekontajnery.sk\/eshop\/wp-content\/uploads\/2020\/07\/facebook_cover_photo_1.png","width":1640,"height":624,"caption":"Profisklad- r\u00fdchle a lacn\u00e9 skladovanie"},"image":{"@id":"https:\/\/www.lacnekontajnery.sk\/eshop\/#\/schema\/logo\/image\/"}}]}},"jetpack_sharing_enabled":true,"_links":{"self":[{"href":"https:\/\/www.lacnekontajnery.sk\/eshop\/wp-json\/wp\/v2\/product\/108"}],"collection":[{"href":"https:\/\/www.lacnekontajnery.sk\/eshop\/wp-json\/wp\/v2\/product"}],"about":[{"href":"https:\/\/www.lacnekontajnery.sk\/eshop\/wp-json\/wp\/v2\/types\/product"}],"replies":[{"embeddable":true,"href":"https:\/\/www.lacnekontajnery.sk\/eshop\/wp-json\/wp\/v2\/comments?post=108"}],"wp:featuredmedia":[{"embeddable":true,"href":"https:\/\/www.lacnekontajnery.sk\/eshop\/wp-json\/wp\/v2\/media\/860"}],"wp:attachment":[{"href":"https:\/\/www.lacnekontajnery.sk\/eshop\/wp-json\/wp\/v2\/media?parent=108"}],"wp:term":[{"taxonomy":"product_cat","embeddable":true,"href":"https:\/\/www.lacnekontajnery.sk\/eshop\/wp-json\/wp\/v2\/product_cat?post=108"},{"taxonomy":"product_tag","embeddable":true,"href":"https:\/\/www.lacnekontajnery.sk\/eshop\/wp-json\/wp\/v2\/product_tag?post=108"}],"curies":[{"name":"wp","href":"https:\/\/api.w.org\/{rel}","templated":true}]}}