{"id":900,"date":"2020-10-26T12:15:37","date_gmt":"2020-10-26T11:15:37","guid":{"rendered":"https:\/\/www.lacnekontajnery.sk\/eshop\/?post_type=product&#038;p=900"},"modified":"2022-11-13T15:13:27","modified_gmt":"2022-11-13T14:13:27","slug":"mobilna-garaz-24x36-m-pe-550g-m%c2%b2","status":"publish","type":"product","link":"https:\/\/www.lacnekontajnery.sk\/eshop\/produkt\/mobilna-garaz-24x36-m-pe-550g-m%c2%b2\/","title":{"rendered":"Mobiln\u00e1 gar\u00e1\u017e 2,4&#215;3,6 m, PE 550g \/ m\u00b2"},"content":{"rendered":"<div id=\"tw-target-text-container\" class=\"tw-ta-container hide-focus-ring tw-nfl\" tabindex=\"0\"><\/div>\n<ul>\n<li id=\"tw-target-text\" class=\"tw-data-text tw-text-large XcVN5d tw-ta\" dir=\"ltr\" data-placeholder=\"Preklad\"><strong><span lang=\"sk\">Mo\u017eno pou\u017ei\u0165 kdeko\u013evek a kedyko\u013evek &#8211; dokonca aj na jese\u0148 a v zime<\/span><\/strong><\/li>\n<li class=\"tw-data-text tw-text-large XcVN5d tw-ta\" dir=\"ltr\" data-placeholder=\"Preklad\"><strong><span lang=\"sk\"> Ochrana pre motocykle, bicykle, mal\u00e9 stroje ako napr \u017eac\u00ed stroj <\/span><\/strong><\/li>\n<li class=\"tw-data-text tw-text-large XcVN5d tw-ta\" dir=\"ltr\" data-placeholder=\"Preklad\"><strong><span lang=\"sk\"> Bezpe\u010dn\u00e9 ulo\u017eenie z\u00e1hradn\u00e9ho n\u00e1radia Ned\u00e1va \u0161ancu vetru a po\u010dasiu<\/span><\/strong><\/li>\n<li class=\"tw-data-text tw-text-large XcVN5d tw-ta\" dir=\"ltr\" data-placeholder=\"Preklad\"><strong><span lang=\"sk\"> Zastre\u0161enie a zabezpe\u010denie z\u00e1kladov a stavieb<\/span><\/strong><\/li>\n<li class=\"tw-data-text tw-text-large XcVN5d tw-ta\" dir=\"ltr\" data-placeholder=\"Preklad\"><strong><span lang=\"sk\"> Ekonomick\u00e1 a leg\u00e1lna alternat\u00edva k pevnej gar\u00e1\u017ei<\/span><\/strong><\/li>\n<\/ul>\n<h4 id=\"tw-target-text\" class=\"tw-data-text tw-text-large XcVN5d tw-ta\" dir=\"ltr\" data-placeholder=\"Preklad\"><span lang=\"sk\">Dobr\u00fd pocit v\u010faka stabilite a bezpe\u010dnosti Trubica: 100% oce\u013e Priemer: cca 34mm Hr\u00fabka steny: cca 0,8 mm Prepojenia: 100% oce\u013e Priemer: cca 38mm Hr\u00fabka steny: cca 1,1 mm Oce\u013e s pr\u00e1\u0161kov\u00fdm n\u00e1strekom &#8211; ekologick\u00e1 ochrana proti kor\u00f3zii pod\u013ea DIN 55633 Stabiln\u00e1 kon\u0161trukcia pomocou skrutkovania r\u00farok a spojok Prepojenie stabilizuje a chr\u00e1ni r\u00e1m Bezpe\u010dn\u00e9 pripevnenie k zemi pomocou robustn\u00fdch kol\u00edkov, ktor\u00e9 s\u00fa s\u00fa\u010das\u0165ou dod\u00e1vky.<\/span><\/h4>\n<p><img decoding=\"async\" class=\"aligncenter\" src=\"https:\/\/cdn.profizelt24.de\/media\/IMG-AMZ\/PROCAR-2,4x3,6.jpg\" \/><\/p>\n","protected":false},"excerpt":{"rendered":"<div id=\"tw-target-text-container\" class=\"tw-ta-container hide-focus-ring tw-nfl\" tabindex=\"0\">\n<h5 id=\"tw-target-text\" class=\"tw-data-text tw-text-large XcVN5d tw-ta\" dir=\"ltr\" data-placeholder=\"Preklad\"><strong><span lang=\"sk\">T\u00e1to mas\u00edvna stanov\u00e1 gar\u00e1\u017e chr\u00e1ni va\u0161e vozidlo pred vetrom a po\u010das\u00edm. M\u00e1 stabiln\u00fd r\u00e1m a s\u00favisl\u00fa PE plachtu s hmotnos\u0165ou asi 550 g \/ m\u00b2, ktor\u00e1 je pevne pripevnen\u00e1 k kon\u0161trukcii pomocou nap\u00ednacieho syst\u00e9mu. Stanov\u00e1 gar\u00e1\u017e pon\u00faka vysok\u00fa \u00farove\u0148 UV ochrany a je 100% vodotesn\u00e1. Pri vstupe s\u00fa robustn\u00e9 zipsy pre r\u00fdchle otv\u00e1ranie a zatv\u00e1ranie. Integrovan\u00e9 vetracie okn\u00e1 zabezpe\u010duj\u00fa \u00fa\u010dinn\u00fa cirkul\u00e1ciu vzduchu a zabra\u0148uj\u00fa hromadeniu vlhkosti.<\/span><\/strong><\/h5>\n<\/div>\n","protected":false},"featured_media":901,"comment_status":"open","ping_status":"closed","template":"","meta":{"_monsterinsights_skip_tracking":false,"_monsterinsights_sitenote_active":false,"_monsterinsights_sitenote_note":"","_monsterinsights_sitenote_category":0},"product_cat":[18],"product_tag":[],"yoast_head":"<!-- This site is optimized with the Yoast SEO plugin v21.9 - https:\/\/yoast.com\/wordpress\/plugins\/seo\/ -->\n<title>Mobiln\u00e1 gar\u00e1\u017e 2,4x3,6 m, PE 550g \/ m\u00b2 - Profisklad- najlacnej\u0161ie rie\u0161enie pre V\u00e1\u0161 sklad<\/title>\n<meta name=\"description\" content=\"Mobiln\u00e1 jednoduch\u00e1 gar\u00e1\u017e pre Va\u0161e motorov\u00e9 vozidlo ako aj pre sklad in\u00fdch veci a materi\u00e1lov. Nezaberaj\u00face miesto ale zato pevn\u00fd materi\u00e1l.\" \/>\n<meta name=\"robots\" content=\"index, follow, max-snippet:-1, max-image-preview:large, max-video-preview:-1\" \/>\n<link rel=\"canonical\" href=\"https:\/\/www.lacnekontajnery.sk\/eshop\/produkt\/mobilna-garaz-24x36-m-pe-550g-m\u00b2\/\" \/>\n<meta property=\"og:locale\" content=\"sk_SK\" \/>\n<meta property=\"og:type\" content=\"article\" \/>\n<meta property=\"og:title\" content=\"Mobiln\u00e1 gar\u00e1\u017e 2,4x3,6 m, PE 550g \/ m\u00b2 - Profisklad- najlacnej\u0161ie rie\u0161enie pre V\u00e1\u0161 sklad\" \/>\n<meta property=\"og:description\" content=\"Mobiln\u00e1 jednoduch\u00e1 gar\u00e1\u017e pre Va\u0161e motorov\u00e9 vozidlo ako aj pre sklad in\u00fdch veci a materi\u00e1lov. Nezaberaj\u00face miesto ale zato pevn\u00fd materi\u00e1l.\" \/>\n<meta property=\"og:url\" content=\"https:\/\/www.lacnekontajnery.sk\/eshop\/produkt\/mobilna-garaz-24x36-m-pe-550g-m\u00b2\/\" \/>\n<meta property=\"og:site_name\" content=\"Profisklad- najlacnej\u0161ie rie\u0161enie pre V\u00e1\u0161 sklad\" \/>\n<meta property=\"article:modified_time\" content=\"2022-11-13T14:13:27+00:00\" \/>\n<meta property=\"og:image\" content=\"https:\/\/www.lacnekontajnery.sk\/eshop\/wp-content\/uploads\/2020\/10\/dqOmk99Jwh-compress.jpg\" \/>\n\t<meta property=\"og:image:width\" content=\"1192\" \/>\n\t<meta property=\"og:image:height\" content=\"892\" \/>\n\t<meta property=\"og:image:type\" content=\"image\/jpeg\" \/>\n<meta name=\"twitter:card\" content=\"summary_large_image\" \/>\n<meta name=\"twitter:label1\" content=\"Predpokladan\u00fd \u010das \u010d\u00edtania\" \/>\n\t<meta name=\"twitter:data1\" content=\"1 min\u00fata\" \/>\n<script type=\"application\/ld+json\" class=\"yoast-schema-graph\">{\"@context\":\"https:\/\/schema.org\",\"@graph\":[{\"@type\":\"WebPage\",\"@id\":\"https:\/\/www.lacnekontajnery.sk\/eshop\/produkt\/mobilna-garaz-24x36-m-pe-550g-m%c2%b2\/\",\"url\":\"https:\/\/www.lacnekontajnery.sk\/eshop\/produkt\/mobilna-garaz-24x36-m-pe-550g-m%c2%b2\/\",\"name\":\"Mobiln\u00e1 gar\u00e1\u017e 2,4x3,6 m, PE 550g \/ m\u00b2 - Profisklad- najlacnej\u0161ie rie\u0161enie pre V\u00e1\u0161 sklad\",\"isPartOf\":{\"@id\":\"https:\/\/www.lacnekontajnery.sk\/eshop\/#website\"},\"datePublished\":\"2020-10-26T11:15:37+00:00\",\"dateModified\":\"2022-11-13T14:13:27+00:00\",\"description\":\"Mobiln\u00e1 jednoduch\u00e1 gar\u00e1\u017e pre Va\u0161e motorov\u00e9 vozidlo ako aj pre sklad in\u00fdch veci a materi\u00e1lov. Nezaberaj\u00face miesto ale zato pevn\u00fd materi\u00e1l.\",\"breadcrumb\":{\"@id\":\"https:\/\/www.lacnekontajnery.sk\/eshop\/produkt\/mobilna-garaz-24x36-m-pe-550g-m%c2%b2\/#breadcrumb\"},\"inLanguage\":\"sk-SK\",\"potentialAction\":[{\"@type\":\"ReadAction\",\"target\":[\"https:\/\/www.lacnekontajnery.sk\/eshop\/produkt\/mobilna-garaz-24x36-m-pe-550g-m%c2%b2\/\"]}]},{\"@type\":\"BreadcrumbList\",\"@id\":\"https:\/\/www.lacnekontajnery.sk\/eshop\/produkt\/mobilna-garaz-24x36-m-pe-550g-m%c2%b2\/#breadcrumb\",\"itemListElement\":[{\"@type\":\"ListItem\",\"position\":1,\"name\":\"Home\",\"item\":\"https:\/\/www.lacnekontajnery.sk\/eshop\/\"},{\"@type\":\"ListItem\",\"position\":2,\"name\":\"Obchod\",\"item\":\"https:\/\/www.lacnekontajnery.sk\/eshop\/obchod\/\"},{\"@type\":\"ListItem\",\"position\":3,\"name\":\"Mobiln\u00e1 gar\u00e1\u017e 2,4&#215;3,6 m, PE 550g \/ m\u00b2\"}]},{\"@type\":\"WebSite\",\"@id\":\"https:\/\/www.lacnekontajnery.sk\/eshop\/#website\",\"url\":\"https:\/\/www.lacnekontajnery.sk\/eshop\/\",\"name\":\"Profisklad- najlacnej\u0161ie rie\u0161enie pre V\u00e1\u0161 sklad\",\"description\":\"Profesion\u00e1lne sklady\",\"publisher\":{\"@id\":\"https:\/\/www.lacnekontajnery.sk\/eshop\/#organization\"},\"potentialAction\":[{\"@type\":\"SearchAction\",\"target\":{\"@type\":\"EntryPoint\",\"urlTemplate\":\"https:\/\/www.lacnekontajnery.sk\/eshop\/?s={search_term_string}\"},\"query-input\":\"required name=search_term_string\"}],\"inLanguage\":\"sk-SK\"},{\"@type\":\"Organization\",\"@id\":\"https:\/\/www.lacnekontajnery.sk\/eshop\/#organization\",\"name\":\"Profisklad- r\u00fdchle a lacn\u00e9 skladovanie\",\"url\":\"https:\/\/www.lacnekontajnery.sk\/eshop\/\",\"logo\":{\"@type\":\"ImageObject\",\"inLanguage\":\"sk-SK\",\"@id\":\"https:\/\/www.lacnekontajnery.sk\/eshop\/#\/schema\/logo\/image\/\",\"url\":\"https:\/\/www.lacnekontajnery.sk\/eshop\/wp-content\/uploads\/2020\/07\/facebook_cover_photo_1.png\",\"contentUrl\":\"https:\/\/www.lacnekontajnery.sk\/eshop\/wp-content\/uploads\/2020\/07\/facebook_cover_photo_1.png\",\"width\":1640,\"height\":624,\"caption\":\"Profisklad- r\u00fdchle a lacn\u00e9 skladovanie\"},\"image\":{\"@id\":\"https:\/\/www.lacnekontajnery.sk\/eshop\/#\/schema\/logo\/image\/\"}}]}<\/script>\n<!-- \/ Yoast SEO plugin. -->","yoast_head_json":{"title":"Mobiln\u00e1 gar\u00e1\u017e 2,4x3,6 m, PE 550g \/ m\u00b2 - Profisklad- najlacnej\u0161ie rie\u0161enie pre V\u00e1\u0161 sklad","description":"Mobiln\u00e1 jednoduch\u00e1 gar\u00e1\u017e pre Va\u0161e motorov\u00e9 vozidlo ako aj pre sklad in\u00fdch veci a materi\u00e1lov. Nezaberaj\u00face miesto ale zato pevn\u00fd materi\u00e1l.","robots":{"index":"index","follow":"follow","max-snippet":"max-snippet:-1","max-image-preview":"max-image-preview:large","max-video-preview":"max-video-preview:-1"},"canonical":"https:\/\/www.lacnekontajnery.sk\/eshop\/produkt\/mobilna-garaz-24x36-m-pe-550g-m\u00b2\/","og_locale":"sk_SK","og_type":"article","og_title":"Mobiln\u00e1 gar\u00e1\u017e 2,4x3,6 m, PE 550g \/ m\u00b2 - Profisklad- najlacnej\u0161ie rie\u0161enie pre V\u00e1\u0161 sklad","og_description":"Mobiln\u00e1 jednoduch\u00e1 gar\u00e1\u017e pre Va\u0161e motorov\u00e9 vozidlo ako aj pre sklad in\u00fdch veci a materi\u00e1lov. Nezaberaj\u00face miesto ale zato pevn\u00fd materi\u00e1l.","og_url":"https:\/\/www.lacnekontajnery.sk\/eshop\/produkt\/mobilna-garaz-24x36-m-pe-550g-m\u00b2\/","og_site_name":"Profisklad- najlacnej\u0161ie rie\u0161enie pre V\u00e1\u0161 sklad","article_modified_time":"2022-11-13T14:13:27+00:00","og_image":[{"width":1192,"height":892,"url":"https:\/\/www.lacnekontajnery.sk\/eshop\/wp-content\/uploads\/2020\/10\/dqOmk99Jwh-compress.jpg","type":"image\/jpeg"}],"twitter_card":"summary_large_image","twitter_misc":{"Predpokladan\u00fd \u010das \u010d\u00edtania":"1 min\u00fata"},"schema":{"@context":"https:\/\/schema.org","@graph":[{"@type":"WebPage","@id":"https:\/\/www.lacnekontajnery.sk\/eshop\/produkt\/mobilna-garaz-24x36-m-pe-550g-m%c2%b2\/","url":"https:\/\/www.lacnekontajnery.sk\/eshop\/produkt\/mobilna-garaz-24x36-m-pe-550g-m%c2%b2\/","name":"Mobiln\u00e1 gar\u00e1\u017e 2,4x3,6 m, PE 550g \/ m\u00b2 - Profisklad- najlacnej\u0161ie rie\u0161enie pre V\u00e1\u0161 sklad","isPartOf":{"@id":"https:\/\/www.lacnekontajnery.sk\/eshop\/#website"},"datePublished":"2020-10-26T11:15:37+00:00","dateModified":"2022-11-13T14:13:27+00:00","description":"Mobiln\u00e1 jednoduch\u00e1 gar\u00e1\u017e pre Va\u0161e motorov\u00e9 vozidlo ako aj pre sklad in\u00fdch veci a materi\u00e1lov. Nezaberaj\u00face miesto ale zato pevn\u00fd materi\u00e1l.","breadcrumb":{"@id":"https:\/\/www.lacnekontajnery.sk\/eshop\/produkt\/mobilna-garaz-24x36-m-pe-550g-m%c2%b2\/#breadcrumb"},"inLanguage":"sk-SK","potentialAction":[{"@type":"ReadAction","target":["https:\/\/www.lacnekontajnery.sk\/eshop\/produkt\/mobilna-garaz-24x36-m-pe-550g-m%c2%b2\/"]}]},{"@type":"BreadcrumbList","@id":"https:\/\/www.lacnekontajnery.sk\/eshop\/produkt\/mobilna-garaz-24x36-m-pe-550g-m%c2%b2\/#breadcrumb","itemListElement":[{"@type":"ListItem","position":1,"name":"Home","item":"https:\/\/www.lacnekontajnery.sk\/eshop\/"},{"@type":"ListItem","position":2,"name":"Obchod","item":"https:\/\/www.lacnekontajnery.sk\/eshop\/obchod\/"},{"@type":"ListItem","position":3,"name":"Mobiln\u00e1 gar\u00e1\u017e 2,4&#215;3,6 m, PE 550g \/ m\u00b2"}]},{"@type":"WebSite","@id":"https:\/\/www.lacnekontajnery.sk\/eshop\/#website","url":"https:\/\/www.lacnekontajnery.sk\/eshop\/","name":"Profisklad- najlacnej\u0161ie rie\u0161enie pre V\u00e1\u0161 sklad","description":"Profesion\u00e1lne sklady","publisher":{"@id":"https:\/\/www.lacnekontajnery.sk\/eshop\/#organization"},"potentialAction":[{"@type":"SearchAction","target":{"@type":"EntryPoint","urlTemplate":"https:\/\/www.lacnekontajnery.sk\/eshop\/?s={search_term_string}"},"query-input":"required name=search_term_string"}],"inLanguage":"sk-SK"},{"@type":"Organization","@id":"https:\/\/www.lacnekontajnery.sk\/eshop\/#organization","name":"Profisklad- r\u00fdchle a lacn\u00e9 skladovanie","url":"https:\/\/www.lacnekontajnery.sk\/eshop\/","logo":{"@type":"ImageObject","inLanguage":"sk-SK","@id":"https:\/\/www.lacnekontajnery.sk\/eshop\/#\/schema\/logo\/image\/","url":"https:\/\/www.lacnekontajnery.sk\/eshop\/wp-content\/uploads\/2020\/07\/facebook_cover_photo_1.png","contentUrl":"https:\/\/www.lacnekontajnery.sk\/eshop\/wp-content\/uploads\/2020\/07\/facebook_cover_photo_1.png","width":1640,"height":624,"caption":"Profisklad- r\u00fdchle a lacn\u00e9 skladovanie"},"image":{"@id":"https:\/\/www.lacnekontajnery.sk\/eshop\/#\/schema\/logo\/image\/"}}]}},"jetpack_sharing_enabled":true,"_links":{"self":[{"href":"https:\/\/www.lacnekontajnery.sk\/eshop\/wp-json\/wp\/v2\/product\/900"}],"collection":[{"href":"https:\/\/www.lacnekontajnery.sk\/eshop\/wp-json\/wp\/v2\/product"}],"about":[{"href":"https:\/\/www.lacnekontajnery.sk\/eshop\/wp-json\/wp\/v2\/types\/product"}],"replies":[{"embeddable":true,"href":"https:\/\/www.lacnekontajnery.sk\/eshop\/wp-json\/wp\/v2\/comments?post=900"}],"wp:featuredmedia":[{"embeddable":true,"href":"https:\/\/www.lacnekontajnery.sk\/eshop\/wp-json\/wp\/v2\/media\/901"}],"wp:attachment":[{"href":"https:\/\/www.lacnekontajnery.sk\/eshop\/wp-json\/wp\/v2\/media?parent=900"}],"wp:term":[{"taxonomy":"product_cat","embeddable":true,"href":"https:\/\/www.lacnekontajnery.sk\/eshop\/wp-json\/wp\/v2\/product_cat?post=900"},{"taxonomy":"product_tag","embeddable":true,"href":"https:\/\/www.lacnekontajnery.sk\/eshop\/wp-json\/wp\/v2\/product_tag?post=900"}],"curies":[{"name":"wp","href":"https:\/\/api.w.org\/{rel}","templated":true}]}}